{"id":461,"date":"2023-11-03T00:05:33","date_gmt":"2023-11-02T22:05:33","guid":{"rendered":"http:\/\/edenwoodduo.com\/?page_id=461"},"modified":"2025-10-31T12:21:08","modified_gmt":"2025-10-31T10:21:08","slug":"agenda","status":"publish","type":"page","link":"https:\/\/edenwoodduo.com\/en\/agenda\/","title":{"rendered":"Agenda"},"content":{"rendered":"<p><a href=\"https:\/\/www.songkick.com\/artists\/10100803\"><\/a><\/p>\n\n\n\n<figure class=\"wp-block-image size-large\"><img data-recalc-dims=\"1\" loading=\"lazy\" decoding=\"async\" width=\"760\" height=\"507\" src=\"https:\/\/i0.wp.com\/edenwoodduo.com\/wp-content\/uploads\/2025\/10\/496604567_122132953508789538_6906624750971418122_n.jpg?resize=760%2C507&#038;ssl=1\" alt=\"Tr\u00e9sor de Li\u00e8ge\" class=\"wp-image-761\" srcset=\"https:\/\/i0.wp.com\/edenwoodduo.com\/wp-content\/uploads\/2025\/10\/496604567_122132953508789538_6906624750971418122_n.jpg?resize=1024%2C683&amp;ssl=1 1024w, https:\/\/i0.wp.com\/edenwoodduo.com\/wp-content\/uploads\/2025\/10\/496604567_122132953508789538_6906624750971418122_n.jpg?resize=300%2C200&amp;ssl=1 300w, https:\/\/i0.wp.com\/edenwoodduo.com\/wp-content\/uploads\/2025\/10\/496604567_122132953508789538_6906624750971418122_n.jpg?resize=768%2C512&amp;ssl=1 768w, https:\/\/i0.wp.com\/edenwoodduo.com\/wp-content\/uploads\/2025\/10\/496604567_122132953508789538_6906624750971418122_n.jpg?resize=1536%2C1024&amp;ssl=1 1536w, https:\/\/i0.wp.com\/edenwoodduo.com\/wp-content\/uploads\/2025\/10\/496604567_122132953508789538_6906624750971418122_n.jpg?resize=18%2C12&amp;ssl=1 18w, https:\/\/i0.wp.com\/edenwoodduo.com\/wp-content\/uploads\/2025\/10\/496604567_122132953508789538_6906624750971418122_n.jpg?resize=421%2C281&amp;ssl=1 421w, https:\/\/i0.wp.com\/edenwoodduo.com\/wp-content\/uploads\/2025\/10\/496604567_122132953508789538_6906624750971418122_n.jpg?resize=600%2C400&amp;ssl=1 600w, https:\/\/i0.wp.com\/edenwoodduo.com\/wp-content\/uploads\/2025\/10\/496604567_122132953508789538_6906624750971418122_n.jpg?w=2048&amp;ssl=1 2048w\" sizes=\"auto, (max-width: 760px) 100vw, 760px\" \/><\/figure>\n\n\n\n<h2 class=\"wp-block-heading\">Passed concerts<\/h2>\n\n\n\n<h2 class=\"wp-block-heading\"><strong>2025<\/strong><\/h2>\n\n\n\n<ul class=\"wp-block-list\">\n<li>22.06.2025 Lokartes Lokeren (BE)<\/li>\n\n\n\n<li>18.05.2025 Town Hall Molenbeek (BE)<\/li>\n\n\n\n<li>10.05.2025 Tr\u00e9sor de Li\u00e8ge (BE)<\/li>\n<\/ul>\n\n\n\n<p><\/p>\n\n\n\n<h2 class=\"wp-block-heading\">2024<\/h2>\n\n\n\n<ul class=\"wp-block-list\">\n<li>04.02.2024 Zaal &lsquo;t Westgoet &#8211; Ypres&nbsp;(BE)<\/li>\n\n\n\n<li>10.03.2024<strong> <\/strong>Ename (BE)<\/li>\n\n\n\n<li>07.04.2024  Domenican Convent - Lille (FR)<\/li>\n\n\n\n<li>28.04.2024<strong> <\/strong>Concert Studio \u2013 Kortrijk\u00a0(BE)<\/li>\n\n\n\n<li>05.05.2024<strong> <\/strong>Kasteel d&rsquo;Ursel &#8211; Bornem&nbsp;(BE)<\/li>\n\n\n\n<li>31.05.2024<strong> <\/strong>Caf\u00e9o (Jazz9) &#8211; Namur (BE)<\/li>\n\n\n\n<li>15.11.2024 Antwerpen Gitaar Festival \u2013 Antwerp (BE)<\/li>\n\n\n\n<li>04.10.2024 Atelier Marcel Hastir \u2013 Brussels (BE)<\/li>\n<\/ul>\n\n\n\n<p><\/p>\n\n\n\n<h2 class=\"wp-block-heading\"><strong>2023<\/strong><\/h2>\n\n\n\n<ul class=\"wp-block-list\">\n<li>08.01.2023 &nbsp;Sint Joris concerten &#8211; Bredevoort (NL)<\/li>\n\n\n\n<li>03.02.2023 &nbsp;De Kleine Stooringhe Rumbeke &#8211; Roeselare (BE)<\/li>\n\n\n\n<li>19.02.2023 &nbsp;Travers Emotion &#8211; Incourt (BE)<\/li>\n\n\n\n<li>26.02.2023\u00a0 Chamber Music for Europe \u2013 Brussels Royal Yacht Club (BRYC) \u2013 Brussels (BE)<\/li>\n\n\n\n<li>19.03.2023 &nbsp;Kasteel de Renesse &#8211; Malle &nbsp;(BE)<\/li>\n\n\n\n<li>14.05.2023 Atelier Marcel Hastir \u2013 Brussels (BE)<\/li>\n\n\n\n<li>21.05.2023 &nbsp;Huis Kernhem &#8211; Ede (NL)<\/li>\n\n\n\n<li>08.07.2023 \u00a0Festival des Jardins \u2013 Brussels (BE)<\/li>\n\n\n\n<li>19.07.2023 &nbsp;Central Massif Tour &#8211; Le Falgoux (FR)<\/li>\n\n\n\n<li>20.07.2023 &nbsp;Central Massif Tour &#8211; Pierrefort (FR)<\/li>\n\n\n\n<li>22.07.2023 &nbsp;Central Massif Tour &#8211; Montarnal (FR)<\/li>\n\n\n\n<li>18.09.2023 Festi-classique&nbsp;&#8211; Jarnac (FR)<\/li>\n\n\n\n<li>16.12.2023 Private concert \u2013 Brussels (BE)<\/li>\n<\/ul>\n\n\n\n<p><\/p>\n\n\n\n<h2 class=\"wp-block-heading\"><strong>2022<\/strong><\/h2>\n\n\n\n<ul class=\"wp-block-list\">\n<li>13.02.2022\u00a0\u00a0Cultuurkapel Odulphus \u2013 Dendermonde (BE)<\/li>\n\n\n\n<li>06.03.2022 &nbsp;Stichting Kamermuziek Zeeland &#8211; Middelburg (NL)<\/li>\n\n\n\n<li>01.04.2022 \u00a0Middagconcerten in AMUZ \u2013 Antwerp (BE)<\/li>\n\n\n\n<li>24.04.2022 &nbsp;with Emma Rhebergen * violin&nbsp;&#8211;&nbsp;Pulcheria &#8211; Wilfried Westerlinck concert &#8211; Louvain (BE)<\/li>\n\n\n\n<li>12.05.2022 &nbsp;Namusiq&rsquo; &#8211; Foyer du Th\u00e9\u00e2tre &#8211; Namur (BE)<\/li>\n\n\n\n<li>31.05.2022 \u00a0Citizens\u2019 Garden European Parliament, Brussels (BE)<\/li>\n\n\n\n<li>02.07.2022 &nbsp;Musica@Parola &#8211; Sint-Martens-Bodegem (BE)<\/li>\n\n\n\n<li>15, 16 &amp; 17.09.2022&nbsp;&nbsp;Vacances ou presque &#8211; Les Tourelles &#8211; Le Crotoy (FR)<\/li>\n\n\n\n<li>09.10.2022 \u00a0Klankdomein\u201922 \u2013 Antwerp (BE)<\/li>\n\n\n\n<li>06.11.2022 &nbsp;Kunst in het Kerkje &#8211; Velp (NL)<\/li>\n<\/ul>\n\n\n\n<p><\/p>\n\n\n\n<h2 class=\"wp-block-heading\">2021<\/h2>\n\n\n\n<ul class=\"wp-block-list\">\n<li>11.02.2021 &nbsp;Facebook &amp; YouTube Live concert<\/li>\n\n\n\n<li>01.04.2021 &nbsp;Facebook &amp; YouTube Live concert<\/li>\n\n\n\n<li>from 15 till 17.04.2021 &nbsp;Recordings new album Edenwood duo &#8211; Arsonic Mons (BE)<\/li>\n\n\n\n<li>09.05.2021 \u00a0Edenwood duo &amp; Lucie Burton, Delphine Dutoit \u2013\u00a0Concert pour Petites Pattes \/ Concert voor Kleine Pootjes \u2013\u00a0Beeldenstorm \u2013 Brussels (BE)<\/li>\n\n\n\n<li>28.05.2021 &nbsp;Edenwood duo &amp; Lucie Burton, Delphine Dutoit &#8211; Concert voor Kleine Pootjes &#8211;&nbsp;GC De Kroon &#8211; Berchem-Sainte-Agathe (BE)<\/li>\n\n\n\n<li>06.06.2020 \u00a0Edenwood duo &amp; Lucie Burton, Delphine Dutoit \u2013 Concert voor Kleine Pootjes \u2013\u00a0CC Essegem \u2013 Brussels (BE)<\/li>\n\n\n\n<li>04.06.2021 &nbsp;Edenwood duo &amp; Lucie Burton &#8211;&nbsp;Concert pour Petites Pattes &#8211;&nbsp;Ecole 8 &#8211; Ixelles (BE)<\/li>\n\n\n\n<li>12.06.2021  Rosario \u2013 Bever (BE)<\/li>\n\n\n\n<li>20.06.2021 &nbsp;Edenwood duo &amp; Lucie Burton, Delphine Dutoit-&nbsp;Concert pour Petites Pattes \/ Concert voor Kleine Pootjes &#8211;&nbsp;Maison du Peuple &#8211; Saint-Gilles (BE)<\/li>\n\n\n\n<li>26.06.2021 &nbsp;Kasteelconcerten Ravenhof &#8211; Stabroek (BE)<\/li>\n\n\n\n<li>14.07.2021 &nbsp;Eglise Notre-Dame d&rsquo;Aynes &#8211; Montarnal (FR)<\/li>\n\n\n\n<li>20.07.2021 &nbsp;Eglise Saint Jean-Baptiste &#8211; Pierrefort (FR)<\/li>\n\n\n\n<li>22.07.2021 &nbsp;Salle Polyvalente &#8211; Vitrac (FR)<\/li>\n\n\n\n<li>27.07.2021 \u00a0Pianofabriek \u2013 Brussels (BE)<\/li>\n\n\n\n<li>31.07.2021 &nbsp;Koethuis &#8211; Gand (BE)<\/li>\n\n\n\n<li>from 01 till 03.08.2021 \u2013 18:00  Les Sorbiers \u2013 Hasti\u00e8res (BE)<\/li>\n\n\n\n<li>28.10.2021 &nbsp;CD Release \u00ab\u00a0Light Blue\u00a0\u00bb &#8211;&nbsp;Arsonic &#8211; Mons (BE)<\/li>\n<\/ul>\n\n\n\n<p><\/p>\n\n\n\n<h2 class=\"wp-block-heading\">2020<\/h2>\n\n\n\n<ul class=\"wp-block-list\">\n<li>18.01.2020 &nbsp;Sint Mark&rsquo;s Unitarian Church &#8211; Edinburgh (UK)<\/li>\n\n\n\n<li>08.02.2020 \u00a0Casa Veronica \u2013 Brussels (BE)<\/li>\n\n\n\n<li>08.03.2020\u00a0\u00a0Festival van Vlaanderen \u2013 Kortrijk (BE)<\/li>\n\n\n\n<li>17.03.2020 \u00a0Maison des Musiques \u2013 Brussels (BE) \u2013 POSTPONED COVID-19 PANDEMY<\/li>\n\n\n\n<li>29.03.2020  Edenwood duo &amp; Lucie Burton &#8211; \u00ab\u00a0Concert pour Petites Pattes\u00a0\u00bb &#8211; POSTPONED COVID-19 PANDEMY<\/li>\n\n\n\n<li>05.04.2020 &nbsp;Stichting Kamermuziek Zeeland &#8211; Middelburg (NL) &#8211; POSTPONED COVID-19 PANDEMIE<\/li>\n\n\n\n<li>05.06.2020 \u00a0Middagconcerten AMUZ \u2013 Antwerp (BE) \u2013 POSTPONED COVID-19 PANDEMY<\/li>\n\n\n\n<li>25.06.2020\u00a0\u00a0Private concert \u2013 Brussels (BE)<\/li>\n\n\n\n<li>03.07.2020 &nbsp;Concerten in de tuin &#8211; Plantentuin van Meise (BE)<\/li>\n\n\n\n<li>11.07.2020 &nbsp;Juillet Musical d&rsquo;Aulne&nbsp;&#8211; Aulne (BE) &#8211; CANCELED COVID-19 PANDEMY<\/li>\n\n\n\n<li>July 2020 &nbsp;Tourn\u00e9e Massif Central (FR) &#8211; POSTPONED COVID-19 PANDEMY<\/li>\n\n\n\n<li>10 &amp; 11.08.2020&nbsp;&nbsp;Concert aux Tourelles &#8211; Le Crotoy (FR)<\/li>\n\n\n\n<li>29.10.2020&nbsp;&nbsp;Private concert &#8211; Bruxelles (BE)<\/li>\n\n\n\n<li>01.11.2020 Stichting Kamermuziek Zeeland &#8211; Middelburg (NL) &#8211; POSTPONED COVID-19 PANDEMIE<\/li>\n\n\n\n<li>03.11.2020\u00a0\u00a0Private concert \u2013 Brussels (BE)<\/li>\n\n\n\n<li>22.11.2020 Hollands College &#8211; Louvain (BE) &#8211; POSTPONED COVID-19 PANDEMY<\/li>\n\n\n\n<li>26.11.2020 Namusiq&rsquo; &#8211; Foyer du Th\u00e9\u00e2tre &#8211; Namur (BE) &#8211; POSTPONED COVID-19 PANDEMY<\/li>\n\n\n\n<li>05.12.2020 Kasteelconcerten Ravenhof &#8211; Stabroek (BE) &#8211; POSTPONED COVID-19 PANDEMY<\/li>\n\n\n\n<li>18.12.2020 \u00a0Middagconcerten AMUZ \u2013 Antwerp (BE) \u2013 POSTPONED COVID-19 PANDEMY<\/li>\n\n\n\n<li>19.12.2020 &nbsp;Beeldenstorm &#8211; Anderlecht (BE)&nbsp; &nbsp; CANCELLED COVID-19 PANDEMY<\/li>\n<\/ul>\n\n\n\n<p><\/p>\n\n\n\n<h2 class=\"wp-block-heading\">2019<\/h2>\n\n\n\n<ul class=\"wp-block-list\">\n<li>18.01.2019 &nbsp;<strong>&nbsp;<\/strong>Beeldenstorm\u00a0\u2013 Brussels (BE)<\/li>\n\n\n\n<li>20.01.2019 <strong>&nbsp;<\/strong>Atelier Marcel Hastir\u00a0\u2013 Brussels (BE)<\/li>\n\n\n\n<li>17.02.2019 &nbsp;CC Wevelgem&nbsp;(BE)<\/li>\n\n\n\n<li>24.03.2019<strong>&nbsp;<\/strong>Chambre \u00e0 Part&nbsp;&#8211; Salle Allende &#8211; Lille (FR)<\/li>\n\n\n\n<li>31.03.2019 <strong>&nbsp;<\/strong>Stadhuis\u00a0\u2013 Aalst (BE)<\/li>\n\n\n\n<li>07.04.2019 <strong>&nbsp;<\/strong>Begijnhof \u2013 Diksmuide\u00a0(BE)<\/li>\n\n\n\n<li>27.04.2019 <strong>&nbsp;<\/strong>Lebbeke (BE)<\/li>\n\n\n\n<li>15.06.2019 &nbsp;Edenwood duo &amp; Lucie Burton *<strong>&nbsp;<\/strong><em>\u00ab\u00a0Concert pour petites pattes\u00a0\u00bb &#8211;&nbsp;<\/em>Atelier Jojo\u00a0\u2013 Brussels (BE)<\/li>\n\n\n\n<li>21.06.2019 <strong>&nbsp;<\/strong>Espace EccART&nbsp;&#8211; Profondsart (BE)<\/li>\n\n\n\n<li>07.07.2019 <strong>&nbsp;<\/strong>Chateau de Montarnal&nbsp;&#8211; Senergues (FR)<\/li>\n\n\n\n<li>09.07.2019 <strong>&nbsp;<\/strong>Chapelle de Turlande&nbsp;&#8211; Paulhanc (FR)<\/li>\n\n\n\n<li>11.07.2019 <strong>&nbsp;<\/strong>Eglise Saint Jean-Baptiste&nbsp;&#8211; Pierrefort (FR)<\/li>\n\n\n\n<li>21.07.2019 <strong>&nbsp;<\/strong><em>C\u00e9r\u00e9monie de la F\u00eate Nationale &#8211;&nbsp;<\/em>H\u00f4tel de Ville de Wavre &#8211; Wavre (BE)<\/li>\n\n\n\n<li>14.08.2019 <strong>&nbsp;<\/strong>Zomer van Sint-Pieter&nbsp;&#8211; Louvain (BE)<\/li>\n\n\n\n<li>16.08.2019 <strong>&nbsp;<\/strong>Festival 1000 Sources&nbsp;&#8211; Saint-Pantal\u00e9on-de-Lapleau (FR)<\/li>\n\n\n\n<li>18.08.2019 <strong>&nbsp;<\/strong>Festival 1000 Sources&nbsp;&#8211; Soudeilles (FR)<\/li>\n\n\n\n<li>28.09.2019 <strong>&nbsp;<\/strong>CD Release! \u2013\u00a0Chapelle de Lindthout\u00a0\u2013 Brussels (BE)<\/li>\n\n\n\n<li>06.10.2019 <strong>&nbsp;<\/strong>Royal Academy of Music\u00a0\u2013 London (UK)<\/li>\n\n\n\n<li>13.10.2019 <strong>&nbsp;<\/strong>Platform\u00a0\u2013 Antwerp (BE)<\/li>\n\n\n\n<li>21.10.2019 <strong>&nbsp;<\/strong>UN Day Flanders&nbsp;&#8211; Flemish Parliament &#8211; Brussels (BE)<\/li>\n\n\n\n<li>15.11.2019 <strong>&nbsp;<\/strong>Centre Culturel de Rixensart&nbsp;&#8211; Rixensart (BE)<\/li>\n\n\n\n<li>07.12.2019&nbsp;&nbsp;Private concert &#8211; Brussels (BE)<\/li>\n\n\n\n<li>12.12.2019 &nbsp;Edenwood duo &amp; Lucie Burton &#8211; &lsquo;Concert pour Petites Pattes&rsquo; &#8211;<strong>&nbsp;<\/strong>Beeldenstorm \u2013 Brussels (BE)<\/li>\n\n\n\n<li>21.12.2019 &#8211; 15:00 (FR) &amp; 17:00 (NL)&nbsp;&nbsp;Edenwood duo &amp; Lucie Burton &#8211; &lsquo;Concert pour Petites Pattes&rsquo; <strong>&#8211;&nbsp;<\/strong>Beeldenstorm\u00a0\u2013 Brussels (BE)<\/li>\n<\/ul>\n\n\n\n<p><\/p>\n\n\n\n<h2 class=\"wp-block-heading\">2018<\/h2>\n\n\n\n<ul class=\"wp-block-list\">\n<li>01.02.2018 &nbsp;CD Release \u00ab\u00a0The GCM Project\u00a0\u00bb &#8211;<strong>&nbsp;<\/strong>Pianofabriek\u00a0\u2013 Brussels (BE)<\/li>\n\n\n\n<li>17.02.2018 &nbsp;Kultuurschuur&nbsp;&#8211; Wetteren (BE)<\/li>\n\n\n\n<li>22.02.2018 <strong>&nbsp;<\/strong>De Overkant &#8211; Ouddorp (NL)<\/li>\n\n\n\n<li><strong>1<\/strong>8.03.2018 &nbsp;Huis Kernhem&nbsp;&#8211; Ede (NL)<\/li>\n\n\n\n<li>20.05.2018 \u00a0L\u2019Heure Musicale\u00a0\u2013 Brussels (BE)<\/li>\n\n\n\n<li>25.05.2018 &nbsp;CC Wevelgem&nbsp;(pr\u00e9sentation de la saison 2018-2019)&nbsp;&#8211; Wevelgem (BE)<\/li>\n\n\n\n<li>01.06.2018 &nbsp;Stadsmuseum &lsquo;tSchippershof &#8211; Menen (BE)<\/li>\n\n\n\n<li>19.07.2018 &nbsp;Eglise Saint-Jean Baptiste&nbsp;&#8211; Pierrefort (FR)<\/li>\n\n\n\n<li>17.08.2018 Bijloke\u00a0\u2013 Ghent (BE)<\/li>\n\n\n\n<li>from 27 till 30.08.2018 CD recordings &#8211; Profondsart (BE)<\/li>\n\n\n\n<li>28.09.2018 Sint-Laurentiuskerk&nbsp;&#8211; Ename (BE)<\/li>\n\n\n\n<li>24.10.2018 Beeldenstorm \u2013 Brussels (BE)<\/li>\n\n\n\n<li>10.11.2018 Saint-Gilles&nbsp;(BE)<\/li>\n\n\n\n<li>13.12.2018 Maison du Peuple de Saint-Gilles&nbsp;(BE)<\/li>\n\n\n\n<li>18.12.2018 Orde van den Prince \u2013 City Hall of Ghent (BE)<\/li>\n<\/ul>\n\n\n\n<p><\/p>\n\n\n\n<h2 class=\"wp-block-heading\">2017<\/h2>\n\n\n\n<ul class=\"wp-block-list\">\n<li>21.01.2017 Pianofabriek \u2013\u00a0Brussels (BE)<\/li>\n\n\n\n<li>12.03.2017 Festival Banad\u00a0\u2013 Brussels (BE)<\/li>\n\n\n\n<li>10.04.2017 La Marlagne &#8211; Wepion (BE)<\/li>\n\n\n\n<li>29.04.2017 Harelbeke (BE)<\/li>\n\n\n\n<li>30.04.2017 \u00ab\u00a0Le Printemps de la Guitare\u00a0\u00bb&nbsp;<strong>&#8211;<\/strong>&nbsp;Charleroi (BE)<\/li>\n\n\n\n<li>22.05.2017 \u00a0CD recordings \u00ab\u00a0The GCM Project\u00a0\u00bb (Pianofabriek \u2013 Brussels BE)<\/li>\n\n\n\n<li>22 &amp; 23.06.2017 CD recordings<em> \u00ab\u00a0Suite for celle and guitar\u00a0\u00bb &#8211; Alan Charlton<\/em> (Huldenberg BE)<\/li>\n\n\n\n<li>11.07.2017 Cap Ferret Music Festival&nbsp;&#8211; Chapelle de l&rsquo;Herbe &#8211; Cap Ferret (FR)<\/li>\n\n\n\n<li>from 7 till 14.07.2017 <em>Masterclasses with de Guy Danel&nbsp;<\/em>&nbsp;&#8211; Cap Ferret (BE)<\/li>\n\n\n\n<li>17 &amp; 18.07.2017 <em>video recording&nbsp;&#8211;<\/em><strong><em><strong>&nbsp;<\/strong><\/em><\/strong>Pianofabriek \u2013 Brussels (BE)<\/li>\n\n\n\n<li>26.07.2017 Zomeravondconcerten&nbsp;&#8211; Oostkapelle (NL)<\/li>\n\n\n\n<li>23.09.2017 Atelier Marcel Hastir\u00a0\u2013 Brussels (BE)<\/li>\n\n\n\n<li>28.09.2017 Private event \u2013 Brussels (BE)<\/li>\n\n\n\n<li>22.10.2017 Koetshuis\u00a0\u2013 Ghent (BE)<\/li>\n\n\n\n<li>from 01 till 05.11.2017 L\u00e9opold Bellan International Music Competition &#8211; Paris (FR)<\/li>\n\n\n\n<li>12.11.2017<strong>&nbsp;<\/strong>Ch\u00e2teau du Karreveld\u00a0\u2013 Brussels (BE)<\/li>\n\n\n\n<li>12.12.2017 Palais des Beaux-Arts&nbsp;&#8211;&nbsp;Charleroi (BE)<\/li>\n<\/ul>","protected":false},"excerpt":{"rendered":"<p>Concerts pass\u00e9s 2025 2024 2023 2022 2021 2020 2019 2018 2017<\/p>","protected":false},"author":1,"featured_media":0,"parent":0,"menu_order":0,"comment_status":"closed","ping_status":"closed","template":"","meta":{"jetpack_post_was_ever_published":false,"footnotes":""},"class_list":["post-461","page","type-page","status-publish","hentry"],"jetpack-related-posts":[],"jetpack_sharing_enabled":true,"_links":{"self":[{"href":"https:\/\/edenwoodduo.com\/en\/wp-json\/wp\/v2\/pages\/461","targetHints":{"allow":["GET"]}}],"collection":[{"href":"https:\/\/edenwoodduo.com\/en\/wp-json\/wp\/v2\/pages"}],"about":[{"href":"https:\/\/edenwoodduo.com\/en\/wp-json\/wp\/v2\/types\/page"}],"author":[{"embeddable":true,"href":"https:\/\/edenwoodduo.com\/en\/wp-json\/wp\/v2\/users\/1"}],"replies":[{"embeddable":true,"href":"https:\/\/edenwoodduo.com\/en\/wp-json\/wp\/v2\/comments?post=461"}],"version-history":[{"count":30,"href":"https:\/\/edenwoodduo.com\/en\/wp-json\/wp\/v2\/pages\/461\/revisions"}],"predecessor-version":[{"id":764,"href":"https:\/\/edenwoodduo.com\/en\/wp-json\/wp\/v2\/pages\/461\/revisions\/764"}],"wp:attachment":[{"href":"https:\/\/edenwoodduo.com\/en\/wp-json\/wp\/v2\/media?parent=461"}],"curies":[{"name":"wp","href":"https:\/\/api.w.org\/{rel}","templated":true}]}}